{"id":1237,"date":"2025-08-18T11:18:27","date_gmt":"2025-08-18T09:18:27","guid":{"rendered":"https:\/\/europcamping.fr\/?page_id=1237"},"modified":"2025-08-21T00:11:54","modified_gmt":"2025-08-20T22:11:54","slug":"region","status":"publish","type":"page","link":"https:\/\/europcamping.fr\/index.php\/region\/","title":{"rendered":"La r\u00e9gion"},"content":{"rendered":"\t\t<div data-elementor-type=\"wp-page\" data-elementor-id=\"1237\" class=\"elementor elementor-1237\">\n\t\t\t\t<div class=\"elementor-element elementor-element-be4a43a e-flex e-con-boxed e-con e-parent\" data-id=\"be4a43a\" data-element_type=\"container\">\n\t\t\t\t\t<div class=\"e-con-inner\">\n\t\t\t\t<div class=\"elementor-element elementor-element-b7b2774 elementor-widget elementor-widget-heading\" data-id=\"b7b2774\" data-element_type=\"widget\" data-widget_type=\"heading.default\">\n\t\t\t\t<div class=\"elementor-widget-container\">\n\t\t\t\t\t<h3 class=\"elementor-heading-title elementor-size-default\">D\u00e9couvrir la r\u00e9gion<\/h3>\t\t\t\t<\/div>\n\t\t\t\t<\/div>\n\t\t\t\t<div class=\"elementor-element elementor-element-362d7f3 elementor-widget elementor-widget-text-editor\" data-id=\"362d7f3\" data-element_type=\"widget\" data-widget_type=\"text-editor.default\">\n\t\t\t\t<div class=\"elementor-widget-container\">\n\t\t\t\t\t\t\t\t\t<p><em>Situ\u00e9e \u00e0 5 km de Fr\u00e9jus, entre Cannes et Saint-Tropez, la station de Saint-Aygulf, quartier de Fr\u00e9jus, offre un cadre privil\u00e9gi\u00e9 au bord de la M\u00e9diterran\u00e9e, au coeur de la C\u00f4te d&rsquo;Azur. Dans un environnement exceptionnel, changeant d&rsquo;aspect \u00e0 chaque d\u00e9tour de chemin et toujours color\u00e9, parmi les pins, les mimosas, vous vous prom\u00e8nerez parmi des chefs- d&rsquo;oeuvre de la nature. Vous d\u00e9couvrirez les criques de Saint-Aygulf aux merveilleuses couleurs de Provence en empruntant le \u00ab\u00a0Chemin des Douaniers\u00a0\u00bb.<\/em><\/p><p><em>B\u00e9n\u00e9ficiant d&rsquo;un ensoleillement exceptionnel (plus de 300 jours) autorisant les bains de soleil pratiquement toute l&rsquo;ann\u00e9e, l&rsquo;une des plus belles plages de sable fin en pente douce de la r\u00e9gion (3 km) vous attend pour pratiquer toutes les activit\u00e9s nautiques dans un golfe unique que baigne la M\u00e9diterran\u00e9e.<\/em><\/p><p><em>Vous go\u00fbterez les joies de la promenade gr\u00e2ce aux pistes cyclables et pi\u00e9tonnes. Vous profiterez d&rsquo;un parcours de 7 km dans les \u00e9tangs de Villepey, site prot\u00e9g\u00e9 d&rsquo;une \u00e9tendue de 255 hectares o\u00f9 s\u00e9journent de nombreux oiseaux : flamands roses, cygnes, canards (plus de 200 esp\u00e8ces ont \u00e9t\u00e9 observ\u00e9es).<\/em><\/p><p><em>Du haut des collines, une vue magnifique azur\u00e9e s&rsquo;\u00e9tend sur la baie de Fr\u00e9jus Saint-Rapha\u00ebl.<\/em><\/p><p><em>Tout en profitant de la mer et du soleil, des plages et calanques vous ferez connaissance avec Saint-Aygulf, station de d\u00e9tente offrant toutes les animations et les ressources souhaitables pour des vacances heureuses et reposantes. Vous trouverez \u00e0 Saint-Aygulf de nombreux commerces, m\u00e9decins, pharmacies, restaurants, bureau de poste, port de plaisance, ainsi qu&rsquo;un grand march\u00e9 proven\u00e7al sur la place du village o\u00f9 se disputent l&rsquo;apr\u00e8s-midi d&rsquo;\u00e9piques parties de p\u00e9tanque.<\/em><\/p><p><em>Les 1er et 2\u00e8me dimanches de septembre se d\u00e9roulent la F\u00eate Votive de Saint Aygulf et l&rsquo;Omelette G\u00e9ante de renomm\u00e9e internationale, et en octobre le \u00ab\u00a0Roc d&rsquo;Azur\u00a0\u00bb course de VTT de renomm\u00e9e mondiale, trois manifestations qui r\u00e9unissent Aygulfois, Varois et Vacanciers.<\/em><\/p><p><em>Saint-Aygulf est une station baln\u00e9aire qui d\u00e9pend de la commune Fr\u00e9jus.<\/em><\/p>\t\t\t\t\t\t\t\t<\/div>\n\t\t\t\t<\/div>\n\t\t\t\t<div class=\"elementor-element elementor-element-515a671 elementor-widget elementor-widget-spacer\" data-id=\"515a671\" data-element_type=\"widget\" data-widget_type=\"spacer.default\">\n\t\t\t\t<div class=\"elementor-widget-container\">\n\t\t\t\t\t\t\t<div class=\"elementor-spacer\">\n\t\t\t<div class=\"elementor-spacer-inner\"><\/div>\n\t\t<\/div>\n\t\t\t\t\t\t<\/div>\n\t\t\t\t<\/div>\n\t\t\t\t<div class=\"elementor-element elementor-element-67f8dff elementor-widget-divider--view-line elementor-widget elementor-widget-divider\" data-id=\"67f8dff\" data-element_type=\"widget\" data-widget_type=\"divider.default\">\n\t\t\t\t<div class=\"elementor-widget-container\">\n\t\t\t\t\t\t\t<div class=\"elementor-divider\">\n\t\t\t<span class=\"elementor-divider-separator\">\n\t\t\t\t\t\t<\/span>\n\t\t<\/div>\n\t\t\t\t\t\t<\/div>\n\t\t\t\t<\/div>\n\t\t\t\t\t<\/div>\n\t\t\t\t<\/div>\n\t\t<div class=\"elementor-element elementor-element-78b85a1 e-con-full e-flex e-con e-parent\" data-id=\"78b85a1\" data-element_type=\"container\">\n\t\t<div class=\"elementor-element elementor-element-213ae0d e-con-full e-flex e-con e-child\" data-id=\"213ae0d\" data-element_type=\"container\">\n\t\t\t\t<div class=\"elementor-element elementor-element-3b34f56 elementor-widget elementor-widget-heading\" data-id=\"3b34f56\" data-element_type=\"widget\" data-widget_type=\"heading.default\">\n\t\t\t\t<div class=\"elementor-widget-container\">\n\t\t\t\t\t<h3 class=\"elementor-heading-title elementor-size-default\">\u00c0 VOIR, \u00c0 FAIRE<\/h3>\t\t\t\t<\/div>\n\t\t\t\t<\/div>\n\t\t\t\t<div class=\"elementor-element elementor-element-746feae elementor-widget__width-initial elementor-widget elementor-widget-heading\" data-id=\"746feae\" data-element_type=\"widget\" data-widget_type=\"heading.default\">\n\t\t\t\t<div class=\"elementor-widget-container\">\n\t\t\t\t\t<h3 class=\"elementor-heading-title elementor-size-default\">Chemin des Douaniers<\/h3>\t\t\t\t<\/div>\n\t\t\t\t<\/div>\n\t\t\t\t<div class=\"elementor-element elementor-element-0abf65f elementor-widget__width-initial e-transform elementor-widget elementor-widget-text-editor\" data-id=\"0abf65f\" data-element_type=\"widget\" data-settings=\"{&quot;_transform_rotateZ_effect&quot;:{&quot;unit&quot;:&quot;px&quot;,&quot;size&quot;:0,&quot;sizes&quot;:[]},&quot;_transform_rotateZ_effect_tablet&quot;:{&quot;unit&quot;:&quot;deg&quot;,&quot;size&quot;:&quot;&quot;,&quot;sizes&quot;:[]},&quot;_transform_rotateZ_effect_mobile&quot;:{&quot;unit&quot;:&quot;deg&quot;,&quot;size&quot;:&quot;&quot;,&quot;sizes&quot;:[]}}\" data-widget_type=\"text-editor.default\">\n\t\t\t\t<div class=\"elementor-widget-container\">\n\t\t\t\t\t\t\t\t\t<p>\u00a0Vous d\u00e9couvrirez les criques de Saint-Aygulf en empruntant le \u00ab\u00a0Chemin des Douaniers\u00a0\u00bb ; celles-ci sont propices \u00e0 la chasse sous-marine en apn\u00e9e, \u00e0 la p\u00eache, \u00e0 la baignade abrit\u00e9e sur de ravissantes petites plages. Ce sentier longe de superbes plages, parfois de sable, parfois de galets, des petites criques toutes aussi sauvages les unes que les autres, des jardins tr\u00e8s fleuris o\u00f9 foisonnent les mimosas, palmiers, pins et autres arbres d&rsquo;essences m\u00e9diterran\u00e9ennes qui procurent ombrages, fra\u00eecheur, et constituent un d\u00e9cor grandiose.<br \/>Parfois, dans une trou\u00e9e, on aper\u00e7oit un semi-palais ou une somptueuse villa de style XIXe si\u00e8cle, vestige de la Belle Epoque.<br \/>Ce sentier, que l&rsquo;on peut trouver tout au long du littoral, a une histoire : H\u00e9ritage de la R\u00e9volution fran\u00e7aise, le sentier du littoral &#8211; ou chemin des douaniers &#8211; serpente des Saintes-Maries-de-la-Mer \u00e0 Menton. Un sentier&#8230; ou plut\u00f4t des chemins, portions du long trait de c\u00f4te m\u00e9diterran\u00e9en (+ de 800 km). Il voit le jour en 1791, voulu par l&rsquo;administration des Douanes pour assurer la surveillance des c\u00f4tes et contrer passeurs et contrebandiers. A l&rsquo;usage exclusif du pi\u00e9ton, du randonneur ou du sportif, le sentier du littoral s&rsquo;est impos\u00e9 en 25 ans comme un lieu de balades \u00e0 part enti\u00e8re. Aujourd&rsquo;hui, pr\u00e8s de la moiti\u00e9 du rivage m\u00e9diterran\u00e9en peut \u00eatre parcourue librement, avec, il est vrai, plus ou moins de facilit\u00e9. Mais, quel que soit le degr\u00e9 de difficult\u00e9, la promenade vaut le d\u00e9tour.<\/p>\t\t\t\t\t\t\t\t<\/div>\n\t\t\t\t<\/div>\n\t\t\t\t<\/div>\n\t\t\t\t<div class=\"elementor-element elementor-element-e7fce2e elementor-widget elementor-widget-spacer\" data-id=\"e7fce2e\" data-element_type=\"widget\" data-widget_type=\"spacer.default\">\n\t\t\t\t<div class=\"elementor-widget-container\">\n\t\t\t\t\t\t\t<div class=\"elementor-spacer\">\n\t\t\t<div class=\"elementor-spacer-inner\"><\/div>\n\t\t<\/div>\n\t\t\t\t\t\t<\/div>\n\t\t\t\t<\/div>\n\t\t<div class=\"elementor-element elementor-element-ddc5ed0 e-con-full e-flex e-con e-child\" data-id=\"ddc5ed0\" data-element_type=\"container\">\n\t\t\t\t<div class=\"elementor-element elementor-element-89e7911 elementor-widget__width-initial elementor-widget elementor-widget-video\" data-id=\"89e7911\" data-element_type=\"widget\" data-settings=\"{&quot;youtube_url&quot;:&quot;https:\\\/\\\/www.youtube.com\\\/watch?v=aWXWj80nfhM&quot;,&quot;video_type&quot;:&quot;youtube&quot;,&quot;controls&quot;:&quot;yes&quot;}\" data-widget_type=\"video.default\">\n\t\t\t\t<div class=\"elementor-widget-container\">\n\t\t\t\t\t\t\t<div class=\"elementor-wrapper elementor-open-inline\">\n\t\t\t<div class=\"elementor-video\"><\/div>\t\t<\/div>\n\t\t\t\t\t\t<\/div>\n\t\t\t\t<\/div>\n\t\t\t\t<\/div>\n\t\t\t\t<\/div>\n\t\t<div class=\"elementor-element elementor-element-292cc64 e-flex e-con-boxed e-con e-parent\" data-id=\"292cc64\" data-element_type=\"container\">\n\t\t\t\t\t<div class=\"e-con-inner\">\n\t\t\t\t<div class=\"elementor-element elementor-element-6f42309 elementor-widget-divider--separator-type-pattern elementor-widget-divider--view-line elementor-widget elementor-widget-divider\" data-id=\"6f42309\" data-element_type=\"widget\" data-widget_type=\"divider.default\">\n\t\t\t\t<div class=\"elementor-widget-container\">\n\t\t\t\t\t\t\t<div class=\"elementor-divider\" style=\"--divider-pattern-url: url(&quot;data:image\/svg+xml,%3Csvg xmlns=&#039;http:\/\/www.w3.org\/2000\/svg&#039; preserveAspectRatio=&#039;none&#039; overflow=&#039;visible&#039; height=&#039;100%&#039; viewBox=&#039;0 0 24 24&#039; fill=&#039;none&#039; stroke=&#039;black&#039; stroke-width=&#039;1&#039; stroke-linecap=&#039;square&#039; stroke-miterlimit=&#039;10&#039;%3E%3Cpath d=&#039;M0,6c6,0,0.9,11.1,6.9,11.1S18,6,24,6&#039;\/%3E%3C\/svg%3E&quot;);\">\n\t\t\t<span class=\"elementor-divider-separator\">\n\t\t\t\t\t\t<\/span>\n\t\t<\/div>\n\t\t\t\t\t\t<\/div>\n\t\t\t\t<\/div>\n\t\t\t\t\t<\/div>\n\t\t\t\t<\/div>\n\t\t<div class=\"elementor-element elementor-element-4f184d4 e-con-full e-flex e-con e-parent\" data-id=\"4f184d4\" data-element_type=\"container\">\n\t\t<div class=\"elementor-element elementor-element-889f32a e-con-full e-flex e-con e-child\" data-id=\"889f32a\" data-element_type=\"container\">\n\t\t\t\t<div class=\"elementor-element elementor-element-a9d0c7c elementor-widget elementor-widget-spacer\" data-id=\"a9d0c7c\" data-element_type=\"widget\" data-widget_type=\"spacer.default\">\n\t\t\t\t<div class=\"elementor-widget-container\">\n\t\t\t\t\t\t\t<div class=\"elementor-spacer\">\n\t\t\t<div class=\"elementor-spacer-inner\"><\/div>\n\t\t<\/div>\n\t\t\t\t\t\t<\/div>\n\t\t\t\t<\/div>\n\t\t\t\t<\/div>\n\t\t<div class=\"elementor-element elementor-element-edbdfc5 e-con-full e-flex e-con e-child\" data-id=\"edbdfc5\" data-element_type=\"container\">\n\t\t\t\t<div class=\"elementor-element elementor-element-7590540 elementor-widget elementor-widget-heading\" data-id=\"7590540\" data-element_type=\"widget\" data-widget_type=\"heading.default\">\n\t\t\t\t<div class=\"elementor-widget-container\">\n\t\t\t\t\t<h3 class=\"elementor-heading-title elementor-size-default\">\u00c0 VOIR, \u00c0 FAIRE<\/h3>\t\t\t\t<\/div>\n\t\t\t\t<\/div>\n\t\t\t\t<div class=\"elementor-element elementor-element-cb71cee elementor-widget elementor-widget-heading\" data-id=\"cb71cee\" data-element_type=\"widget\" data-widget_type=\"heading.default\">\n\t\t\t\t<div class=\"elementor-widget-container\">\n\t\t\t\t\t<h3 class=\"elementor-heading-title elementor-size-default\">\u00c9tangs de Villepey<\/h3>\t\t\t\t<\/div>\n\t\t\t\t<\/div>\n\t\t\t\t<\/div>\n\t\t<div class=\"elementor-element elementor-element-12ef0ce e-con-full e-flex e-con e-child\" data-id=\"12ef0ce\" data-element_type=\"container\">\n\t\t\t\t<div class=\"elementor-element elementor-element-8b8eef2 elementor-widget elementor-widget-video\" data-id=\"8b8eef2\" data-element_type=\"widget\" data-settings=\"{&quot;youtube_url&quot;:&quot;https:\\\/\\\/www.youtube.com\\\/watch?v=j_Gjr67zwiM&quot;,&quot;video_type&quot;:&quot;youtube&quot;,&quot;controls&quot;:&quot;yes&quot;}\" data-widget_type=\"video.default\">\n\t\t\t\t<div class=\"elementor-widget-container\">\n\t\t\t\t\t\t\t<div class=\"elementor-wrapper elementor-open-inline\">\n\t\t\t<div class=\"elementor-video\"><\/div>\t\t<\/div>\n\t\t\t\t\t\t<\/div>\n\t\t\t\t<\/div>\n\t\t\t\t<\/div>\n\t\t<div class=\"elementor-element elementor-element-0fd9bbe e-con-full e-flex e-con e-child\" data-id=\"0fd9bbe\" data-element_type=\"container\">\n\t\t\t\t<div class=\"elementor-element elementor-element-ca46e5b elementor-widget__width-initial elementor-widget elementor-widget-heading\" data-id=\"ca46e5b\" data-element_type=\"widget\" data-widget_type=\"heading.default\">\n\t\t\t\t<div class=\"elementor-widget-container\">\n\t\t\t\t\t<h3 class=\"elementor-heading-title elementor-size-default\">Surface : 259 hectares.\nEntre les massifs des Maures et de l'Esterel, les \u00e9tangs de Villepey offrent l'une des rares zones humides d'envergure dans le Var.\nLes \u00e9tangs de Villepey ont la singularit\u00e9 d'avoir \u00e9volu\u00e9 de mani\u00e8re spectaculaire en quelques ann\u00e9es, en passant d'un stade fortement marqu\u00e9 par les activit\u00e9s humaines (entreprises industrielles, d\u00e9charge municipale, moto et 4x4) \u00e0 un stade de site propice au d\u00e9veloppement d'habitats remarquables. Les diff\u00e9rentes activit\u00e9s sont conventionn\u00e9es (p\u00eache professionnelle, chasse, agriculture), la fr\u00e9quentation canalis\u00e9e, des zones sanctuaires cr\u00e9es. Les objectifs consistent \u00e0 une gestion fine des habitats pour la conservation des esp\u00e8ces et \u00e0 leur d\u00e9veloppement, \u00e0 am\u00e9liorer les paysages, \u00e0 contr\u00f4ler les diff\u00e9rentes activit\u00e9s, \u00e0 d\u00e9velopper l'accueil du public sous diff\u00e9rentes formes : il s'agit notamment de mettre en place des am\u00e9nagements de d\u00e9couverte tels que observatoires de la faune, sentiers d'interpr\u00e9tation, sentiers de randonn\u00e9es (passerelles, poteaux d'orientations), mais aussi organiser des ani<u>mations destin\u00e9es au grand public et<\/u> aux scolaires.<\/h3>\t\t\t\t<\/div>\n\t\t\t\t<\/div>\n\t\t\t\t<\/div>\n\t\t\t\t<\/div>\n\t\t<div class=\"elementor-element elementor-element-75fd1c3 e-flex e-con-boxed e-con e-parent\" data-id=\"75fd1c3\" data-element_type=\"container\">\n\t\t\t\t\t<div class=\"e-con-inner\">\n\t\t\t\t<div class=\"elementor-element elementor-element-7d7cfc4 elementor-widget-divider--separator-type-pattern elementor-widget-divider--view-line elementor-widget elementor-widget-divider\" data-id=\"7d7cfc4\" data-element_type=\"widget\" data-widget_type=\"divider.default\">\n\t\t\t\t<div class=\"elementor-widget-container\">\n\t\t\t\t\t\t\t<div class=\"elementor-divider\" style=\"--divider-pattern-url: url(&quot;data:image\/svg+xml,%3Csvg xmlns=&#039;http:\/\/www.w3.org\/2000\/svg&#039; preserveAspectRatio=&#039;none&#039; overflow=&#039;visible&#039; height=&#039;100%&#039; viewBox=&#039;0 0 24 24&#039; fill=&#039;none&#039; stroke=&#039;black&#039; stroke-width=&#039;1&#039; stroke-linecap=&#039;square&#039; stroke-miterlimit=&#039;10&#039;%3E%3Cpath d=&#039;M0,6c6,0,0.9,11.1,6.9,11.1S18,6,24,6&#039;\/%3E%3C\/svg%3E&quot;);\">\n\t\t\t<span class=\"elementor-divider-separator\">\n\t\t\t\t\t\t<\/span>\n\t\t<\/div>\n\t\t\t\t\t\t<\/div>\n\t\t\t\t<\/div>\n\t\t\t\t<div class=\"elementor-element elementor-element-f7b7800 elementor-widget elementor-widget-spacer\" data-id=\"f7b7800\" data-element_type=\"widget\" data-widget_type=\"spacer.default\">\n\t\t\t\t<div class=\"elementor-widget-container\">\n\t\t\t\t\t\t\t<div class=\"elementor-spacer\">\n\t\t\t<div class=\"elementor-spacer-inner\"><\/div>\n\t\t<\/div>\n\t\t\t\t\t\t<\/div>\n\t\t\t\t<\/div>\n\t\t\t\t\t<\/div>\n\t\t\t\t<\/div>\n\t\t<div class=\"elementor-element elementor-element-41cf117 e-flex e-con-boxed e-con e-parent\" data-id=\"41cf117\" data-element_type=\"container\">\n\t\t\t\t\t<div class=\"e-con-inner\">\n\t\t<div class=\"elementor-element elementor-element-53cc66d e-con-full e-flex e-con e-child\" data-id=\"53cc66d\" data-element_type=\"container\">\n\t\t\t\t<div class=\"elementor-element elementor-element-03bfa6f elementor-widget elementor-widget-heading\" data-id=\"03bfa6f\" data-element_type=\"widget\" data-widget_type=\"heading.default\">\n\t\t\t\t<div class=\"elementor-widget-container\">\n\t\t\t\t\t<h3 class=\"elementor-heading-title elementor-size-default\">\u00c0 VOIR, \u00c0 FAIRE<\/h3>\t\t\t\t<\/div>\n\t\t\t\t<\/div>\n\t\t\t\t<div class=\"elementor-element elementor-element-5726b6b elementor-widget elementor-widget-heading\" data-id=\"5726b6b\" data-element_type=\"widget\" data-widget_type=\"heading.default\">\n\t\t\t\t<div class=\"elementor-widget-container\">\n\t\t\t\t\t<h3 class=\"elementor-heading-title elementor-size-default\">Parc Ar\u00e9ca<\/h3>\t\t\t\t<\/div>\n\t\t\t\t<\/div>\n\t\t\t\t<div class=\"elementor-element elementor-element-b99337d elementor-widget elementor-widget-text-editor\" data-id=\"b99337d\" data-element_type=\"widget\" data-widget_type=\"text-editor.default\">\n\t\t\t\t<div class=\"elementor-widget-container\">\n\t\t\t\t\t\t\t\t\t<p>Jardin Botanique en bordure de mer, proche du Chemin des Douaniers, ce parc dot\u00e9 de palmiers incroyables, d&rsquo;une bambouseraie, d&rsquo;une chenaie&#8230; \u00e0 d\u00e9couvrir le long d&rsquo;un entier botanique. Une grande aire de jeux r\u00e9serv\u00e9e ravira vos enfants avec son superbe Bateau. Vous y acc\u00e9derez par le sentier du bord de mer ou par le boulevard Musset.<br \/>Localisation : avenue Alfred de Musset.<br \/>Entr\u00e9e Libre.<br \/>Horaires d&rsquo;ouverture : Du 1er mai au 30 septembre de 8h \u00e0 20h et du 1er octobre au 30 avril de 8h \u00e0 18h.<\/p>\t\t\t\t\t\t\t\t<\/div>\n\t\t\t\t<\/div>\n\t\t\t\t<div class=\"elementor-element elementor-element-a273256 elementor-widget elementor-widget-spacer\" data-id=\"a273256\" data-element_type=\"widget\" data-widget_type=\"spacer.default\">\n\t\t\t\t<div class=\"elementor-widget-container\">\n\t\t\t\t\t\t\t<div class=\"elementor-spacer\">\n\t\t\t<div class=\"elementor-spacer-inner\"><\/div>\n\t\t<\/div>\n\t\t\t\t\t\t<\/div>\n\t\t\t\t<\/div>\n\t\t\t\t<\/div>\n\t\t<div class=\"elementor-element elementor-element-690994f e-con-full e-flex e-con e-child\" data-id=\"690994f\" data-element_type=\"container\">\n\t\t\t\t<div class=\"elementor-element elementor-element-fc4e5da elementor-widget elementor-widget-video\" data-id=\"fc4e5da\" data-element_type=\"widget\" data-settings=\"{&quot;youtube_url&quot;:&quot;https:\\\/\\\/www.youtube.com\\\/watch?v=s1Tco5xROt0&quot;,&quot;video_type&quot;:&quot;youtube&quot;,&quot;controls&quot;:&quot;yes&quot;}\" data-widget_type=\"video.default\">\n\t\t\t\t<div class=\"elementor-widget-container\">\n\t\t\t\t\t\t\t<div class=\"elementor-wrapper elementor-open-inline\">\n\t\t\t<div class=\"elementor-video\"><\/div>\t\t<\/div>\n\t\t\t\t\t\t<\/div>\n\t\t\t\t<\/div>\n\t\t\t\t<\/div>\n\t\t\t\t\t<\/div>\n\t\t\t\t<\/div>\n\t\t<div class=\"elementor-element elementor-element-494a920 e-flex e-con-boxed e-con e-parent\" data-id=\"494a920\" data-element_type=\"container\">\n\t\t\t\t\t<div class=\"e-con-inner\">\n\t\t\t\t<div class=\"elementor-element elementor-element-7cf909c elementor-widget-divider--separator-type-pattern elementor-widget-divider--view-line elementor-widget elementor-widget-divider\" data-id=\"7cf909c\" data-element_type=\"widget\" data-widget_type=\"divider.default\">\n\t\t\t\t<div class=\"elementor-widget-container\">\n\t\t\t\t\t\t\t<div class=\"elementor-divider\" style=\"--divider-pattern-url: url(&quot;data:image\/svg+xml,%3Csvg xmlns=&#039;http:\/\/www.w3.org\/2000\/svg&#039; preserveAspectRatio=&#039;none&#039; overflow=&#039;visible&#039; height=&#039;100%&#039; viewBox=&#039;0 0 24 24&#039; fill=&#039;none&#039; stroke=&#039;black&#039; stroke-width=&#039;1&#039; stroke-linecap=&#039;square&#039; stroke-miterlimit=&#039;10&#039;%3E%3Cpath d=&#039;M0,6c6,0,0.9,11.1,6.9,11.1S18,6,24,6&#039;\/%3E%3C\/svg%3E&quot;);\">\n\t\t\t<span class=\"elementor-divider-separator\">\n\t\t\t\t\t\t<\/span>\n\t\t<\/div>\n\t\t\t\t\t\t<\/div>\n\t\t\t\t<\/div>\n\t\t\t\t<div class=\"elementor-element elementor-element-289f293 elementor-widget elementor-widget-spacer\" data-id=\"289f293\" data-element_type=\"widget\" data-widget_type=\"spacer.default\">\n\t\t\t\t<div class=\"elementor-widget-container\">\n\t\t\t\t\t\t\t<div class=\"elementor-spacer\">\n\t\t\t<div class=\"elementor-spacer-inner\"><\/div>\n\t\t<\/div>\n\t\t\t\t\t\t<\/div>\n\t\t\t\t<\/div>\n\t\t\t\t<div class=\"elementor-element elementor-element-55fa7e9 elementor-widget elementor-widget-spacer\" data-id=\"55fa7e9\" data-element_type=\"widget\" data-widget_type=\"spacer.default\">\n\t\t\t\t<div class=\"elementor-widget-container\">\n\t\t\t\t\t\t\t<div class=\"elementor-spacer\">\n\t\t\t<div class=\"elementor-spacer-inner\"><\/div>\n\t\t<\/div>\n\t\t\t\t\t\t<\/div>\n\t\t\t\t<\/div>\n\t\t\t\t\t<\/div>\n\t\t\t\t<\/div>\n\t\t<div class=\"elementor-element elementor-element-6aa9e9d e-flex e-con-boxed e-con e-parent\" data-id=\"6aa9e9d\" data-element_type=\"container\">\n\t\t\t\t\t<div class=\"e-con-inner\">\n\t\t\t\t<div class=\"elementor-element elementor-element-41b02ea elementor-widget elementor-widget-spacer\" data-id=\"41b02ea\" data-element_type=\"widget\" data-widget_type=\"spacer.default\">\n\t\t\t\t<div class=\"elementor-widget-container\">\n\t\t\t\t\t\t\t<div class=\"elementor-spacer\">\n\t\t\t<div class=\"elementor-spacer-inner\"><\/div>\n\t\t<\/div>\n\t\t\t\t\t\t<\/div>\n\t\t\t\t<\/div>\n\t\t\t\t\t<\/div>\n\t\t\t\t<\/div>\n\t\t<div class=\"elementor-element elementor-element-69f032c e-flex e-con-boxed e-con e-parent\" data-id=\"69f032c\" data-element_type=\"container\">\n\t\t\t\t\t<div class=\"e-con-inner\">\n\t\t<div class=\"elementor-element elementor-element-5d26eb6 e-con-full e-flex e-con e-child\" data-id=\"5d26eb6\" data-element_type=\"container\">\n\t\t\t\t<div class=\"elementor-element elementor-element-78bec52 elementor-widget elementor-widget-spacer\" data-id=\"78bec52\" data-element_type=\"widget\" data-widget_type=\"spacer.default\">\n\t\t\t\t<div class=\"elementor-widget-container\">\n\t\t\t\t\t\t\t<div class=\"elementor-spacer\">\n\t\t\t<div class=\"elementor-spacer-inner\"><\/div>\n\t\t<\/div>\n\t\t\t\t\t\t<\/div>\n\t\t\t\t<\/div>\n\t\t\t\t<\/div>\n\t\t<div class=\"elementor-element elementor-element-3ba9d01 e-con-full e-flex e-con e-child\" data-id=\"3ba9d01\" data-element_type=\"container\">\n\t\t\t\t<div class=\"elementor-element elementor-element-dd89f91 elementor-widget elementor-widget-heading\" data-id=\"dd89f91\" data-element_type=\"widget\" data-widget_type=\"heading.default\">\n\t\t\t\t<div class=\"elementor-widget-container\">\n\t\t\t\t\t<h3 class=\"elementor-heading-title elementor-size-default\">\u00c0 VOIR, \u00c0 FAIRE<\/h3>\t\t\t\t<\/div>\n\t\t\t\t<\/div>\n\t\t\t\t<div class=\"elementor-element elementor-element-cc80692 elementor-widget__width-initial elementor-widget elementor-widget-heading\" data-id=\"cc80692\" data-element_type=\"widget\" data-widget_type=\"heading.default\">\n\t\t\t\t<div class=\"elementor-widget-container\">\n\t\t\t\t\t<h3 class=\"elementor-heading-title elementor-size-default\">La Base nature Fran\u00e7ois L\u00e9otard<\/h3>\t\t\t\t<\/div>\n\t\t\t\t<\/div>\n\t\t\t\t<\/div>\n\t\t\t\t\t<\/div>\n\t\t\t\t<\/div>\n\t\t<div class=\"elementor-element elementor-element-73383ba e-con-full e-flex e-con e-parent\" data-id=\"73383ba\" data-element_type=\"container\">\n\t\t<div class=\"elementor-element elementor-element-25e1689 e-con-full e-flex e-con e-child\" data-id=\"25e1689\" data-element_type=\"container\">\n\t\t\t\t<div class=\"elementor-element elementor-element-93c613c elementor-widget__width-initial elementor-widget elementor-widget-video\" data-id=\"93c613c\" data-element_type=\"widget\" data-settings=\"{&quot;youtube_url&quot;:&quot;https:\\\/\\\/www.youtube.com\\\/watch?v=YXFVwMOMeHA&quot;,&quot;video_type&quot;:&quot;youtube&quot;,&quot;controls&quot;:&quot;yes&quot;}\" data-widget_type=\"video.default\">\n\t\t\t\t<div class=\"elementor-widget-container\">\n\t\t\t\t\t\t\t<div class=\"elementor-wrapper elementor-open-inline\">\n\t\t\t<div class=\"elementor-video\"><\/div>\t\t<\/div>\n\t\t\t\t\t\t<\/div>\n\t\t\t\t<\/div>\n\t\t\t\t<\/div>\n\t\t<div class=\"elementor-element elementor-element-52c48e0 e-con-full e-flex e-con e-child\" data-id=\"52c48e0\" data-element_type=\"container\">\n\t\t\t\t<div class=\"elementor-element elementor-element-c229260 elementor-widget elementor-widget-text-editor\" data-id=\"c229260\" data-element_type=\"widget\" data-widget_type=\"text-editor.default\">\n\t\t\t\t<div class=\"elementor-widget-container\">\n\t\t\t\t\t\t\t\t\t<p>Cet espace de libert\u00e9 de 120 hectares en bord de mer est le plus grand parc public de l&rsquo;Est Varois. 80 hectares sont constitu\u00e9s d&rsquo;espaces naturels pour les amoureux de plein air, le reste est destin\u00e9 \u00e0 des activit\u00e9s sportives et de loisirs. Une plage de sable fin de 2 km est surveill\u00e9e en saison estivale. Palmeraies et pergolas, ajoutent une touche exotique. Les bateaux peuvent profiter d&rsquo;un chenal d&rsquo;acc\u00e8s, situ\u00e9 \u00e0 l&#8217;embouchure de l&rsquo;Argens.<br \/>Prairie sportive : aire de cerfs-volants, six terrains de foot, deux terrains de tennis-ballon, trois terrains de basket et un mini basket, un terrain de beach volley, un terrain de rugby, un mini rugby, un plateau d&rsquo;\u00e9volution avec un terrain de handball&#8230;<br \/>Piscine couverte ouverte toute l&rsquo;ann\u00e9e.<br \/>Piste de roller et de v\u00e9lo familiale exceptionnelle de 2,3 km.<br \/>Piste de bicross de 150 m, un parcours technique de VTT et un parcours v\u00e9lo initiation s\u00e9curit\u00e9routi\u00e8re.<br \/>Aire de Street (skate, roller) de 3100 m\u00b2 de surface. Un mini skate-park de 200 m\u00b2 avec 4 modules r\u00e9serv\u00e9s aux d\u00e9butants et aux enfants de 8 \u00e0 12 ans.<br \/>Deux stades synth\u00e9tiques de haute qualit\u00e9 avec \u00e9clairage, ouvert \u00e0 tous.<br \/>Deux parcours de sant\u00e9 : 400 m de parcours pour les enfants, 2000 m pour les adultes (25 ateliers).<br \/>Un boulodrome.<br \/>L&rsquo;Espace Caquot : espace couvert exceptionnel pouvant accueillir salons, foires, expositions&#8230;<\/p>\t\t\t\t\t\t\t\t<\/div>\n\t\t\t\t<\/div>\n\t\t\t\t<\/div>\n\t\t\t\t<\/div>\n\t\t<div class=\"elementor-element elementor-element-53484a0 e-flex e-con-boxed e-con e-parent\" data-id=\"53484a0\" data-element_type=\"container\">\n\t\t\t\t\t<div class=\"e-con-inner\">\n\t\t\t\t<div class=\"elementor-element elementor-element-9fb66b5 elementor-widget-divider--separator-type-pattern elementor-widget-divider--view-line elementor-widget elementor-widget-divider\" data-id=\"9fb66b5\" data-element_type=\"widget\" data-widget_type=\"divider.default\">\n\t\t\t\t<div class=\"elementor-widget-container\">\n\t\t\t\t\t\t\t<div class=\"elementor-divider\" style=\"--divider-pattern-url: url(&quot;data:image\/svg+xml,%3Csvg xmlns=&#039;http:\/\/www.w3.org\/2000\/svg&#039; preserveAspectRatio=&#039;none&#039; overflow=&#039;visible&#039; height=&#039;100%&#039; viewBox=&#039;0 0 24 24&#039; fill=&#039;none&#039; stroke=&#039;black&#039; stroke-width=&#039;1&#039; stroke-linecap=&#039;square&#039; stroke-miterlimit=&#039;10&#039;%3E%3Cpath d=&#039;M0,6c6,0,0.9,11.1,6.9,11.1S18,6,24,6&#039;\/%3E%3C\/svg%3E&quot;);\">\n\t\t\t<span class=\"elementor-divider-separator\">\n\t\t\t\t\t\t<\/span>\n\t\t<\/div>\n\t\t\t\t\t\t<\/div>\n\t\t\t\t<\/div>\n\t\t\t\t<div class=\"elementor-element elementor-element-b74b083 elementor-widget elementor-widget-spacer\" data-id=\"b74b083\" data-element_type=\"widget\" data-widget_type=\"spacer.default\">\n\t\t\t\t<div class=\"elementor-widget-container\">\n\t\t\t\t\t\t\t<div class=\"elementor-spacer\">\n\t\t\t<div class=\"elementor-spacer-inner\"><\/div>\n\t\t<\/div>\n\t\t\t\t\t\t<\/div>\n\t\t\t\t<\/div>\n\t\t\t\t\t<\/div>\n\t\t\t\t<\/div>\n\t\t<div class=\"elementor-element elementor-element-601c01d e-flex e-con-boxed e-con e-parent\" data-id=\"601c01d\" data-element_type=\"container\">\n\t\t\t\t\t<div class=\"e-con-inner\">\n\t\t<div class=\"elementor-element elementor-element-deece81 e-con-full e-flex e-con e-child\" data-id=\"deece81\" data-element_type=\"container\">\n\t\t\t\t<div class=\"elementor-element elementor-element-ce3db17 elementor-widget elementor-widget-heading\" data-id=\"ce3db17\" data-element_type=\"widget\" data-widget_type=\"heading.default\">\n\t\t\t\t<div class=\"elementor-widget-container\">\n\t\t\t\t\t<h3 class=\"elementor-heading-title elementor-size-default\">\u00c0 VOIR, \u00c0 FAIRE<\/h3>\t\t\t\t<\/div>\n\t\t\t\t<\/div>\n\t\t\t\t<div class=\"elementor-element elementor-element-dda0043 elementor-widget__width-initial elementor-widget elementor-widget-heading\" data-id=\"dda0043\" data-element_type=\"widget\" data-widget_type=\"heading.default\">\n\t\t\t\t<div class=\"elementor-widget-container\">\n\t\t\t\t\t<h3 class=\"elementor-heading-title elementor-size-default\">Argens<\/h3>\t\t\t\t<\/div>\n\t\t\t\t<\/div>\n\t\t\t\t<div class=\"elementor-element elementor-element-dfa4a80 elementor-widget elementor-widget-text-editor\" data-id=\"dfa4a80\" data-element_type=\"widget\" data-widget_type=\"text-editor.default\">\n\t\t\t\t<div class=\"elementor-widget-container\">\n\t\t\t\t\t\t\t\t\t<p><em>\u00a0Principal cours d&rsquo;eau du Var, l&rsquo;Argens traverse le centre du d\u00e9partement d&rsquo;ouest en est sur 114 km. Il prend sa source \u00e0 Seillons-source-d&rsquo;Argens (pr\u00e8s de Saint-Maximin) \u00e0 une altitude de 269 m et se jette en mer \u00e0 Fr\u00e9jus. Caract\u00e9ris\u00e9 par une pente faible, il traverse successivement la Provence calcaire, la plaine des Maures et la Provence cristalline \u00e0 l&rsquo;approche du Massif des Maures.<\/em><br \/><em>Il est impossible de pr\u00e9senter l&rsquo;Argens sans parler de son bassin versant qui dra\u00eene la moiti\u00e9 du d\u00e9partement (2700 km\u00b2) et de ses affluents : en rive gauche : l&rsquo;Eau Sal\u00e9e, la Cassole, la Bresque, la Florieye, la Nartuby, l&rsquo;Endre, le Blavet ; en rive droite : la Meyronne, le Cauron, la Ribeirote, le Caramy et son affluent l&rsquo;Issole, l&rsquo;Aille, le Fournel.<\/em><br \/><em>L&rsquo;estuaire de l&rsquo;Argens \u00e9t\u00e9 profond\u00e9ment modifi\u00e9e depuis la fondation de Fr\u00e9jus en 49 av J.-C. En raison des apports s\u00e9dimentaires et de la mobilit\u00e9 des embouchures de l&rsquo;Argens et du Reyran (Historique). Plus pr\u00e8s de nous, des plans d&rsquo;eau ont \u00e9t\u00e9 cr\u00e9es par les extractions de sabli\u00e8res. L&rsquo;estuaire a \u00e9t\u00e9 \u00ab\u00a0fix\u00e9\u00a0\u00bb r\u00e9cemment. La partie aval du Reyran a \u00e9t\u00e9 canalis\u00e9e. Les \u00e9tangs au sud de Fr\u00e9jus ont \u00e9t\u00e9 ass\u00e9ch\u00e9s pour implanter la base a\u00e9ronavale et les quartiers de Fr\u00e9jus-Plage et Port-Fr\u00e9jus.<\/em><br \/><em>L&rsquo;Argens est un site exceptionnel pour la pratique du cano\u00eb-kayak : cette rivi\u00e8re est en effet navigable sur 70 km. Les rives de l&rsquo;Argens offrent \u00e9galement des sites magnifiques pour l&rsquo;escalade, comme par exemple au Vallon Sourn. La p\u00eache y est r\u00e9glement\u00e9e (barbeau m\u00e9ridional, truite, sandre, tanche, mulet, lamproie&#8230;).<\/em><br \/><em>L&rsquo;un des oiseaux embl\u00e9matiques de la basse vall\u00e9e de l&rsquo;Argens, le Guepier, niche dans les berges des sabli\u00e8res abandonn\u00e9es. La biodiversit\u00e9 de la plaine de l&rsquo;Argens est aussi li\u00e9e \u00e0 la juxtaposition de zones humides et cultiv\u00e9es.<\/em><\/p>\t\t\t\t\t\t\t\t<\/div>\n\t\t\t\t<\/div>\n\t\t\t\t<\/div>\n\t\t<div class=\"elementor-element elementor-element-8e565e6 e-con-full e-flex e-con e-child\" data-id=\"8e565e6\" data-element_type=\"container\">\n\t\t\t\t<div class=\"elementor-element elementor-element-2539f89 elementor-widget elementor-widget-heading\" data-id=\"2539f89\" data-element_type=\"widget\" data-widget_type=\"heading.default\">\n\t\t\t\t<div class=\"elementor-widget-container\">\n\t\t\t\t\t<h2 class=\"elementor-heading-title elementor-size-default\">Ajoutez votre titre ici<\/h2>\t\t\t\t<\/div>\n\t\t\t\t<\/div>\n\t\t\t\t<div class=\"elementor-element elementor-element-baab1e0 elementor-widget elementor-widget-heading\" data-id=\"baab1e0\" data-element_type=\"widget\" data-widget_type=\"heading.default\">\n\t\t\t\t<div class=\"elementor-widget-container\">\n\t\t\t\t\t<h2 class=\"elementor-heading-title elementor-size-default\">.<\/h2>\t\t\t\t<\/div>\n\t\t\t\t<\/div>\n\t\t\t\t<div class=\"elementor-element elementor-element-3be44c6 elementor-widget elementor-widget-heading\" data-id=\"3be44c6\" data-element_type=\"widget\" data-widget_type=\"heading.default\">\n\t\t\t\t<div class=\"elementor-widget-container\">\n\t\t\t\t\t<h2 class=\"elementor-heading-title elementor-size-default\">.<\/h2>\t\t\t\t<\/div>\n\t\t\t\t<\/div>\n\t\t\t\t<div class=\"elementor-element elementor-element-5d8e3d9 elementor-widget elementor-widget-heading\" data-id=\"5d8e3d9\" data-element_type=\"widget\" data-widget_type=\"heading.default\">\n\t\t\t\t<div class=\"elementor-widget-container\">\n\t\t\t\t\t<h2 class=\"elementor-heading-title elementor-size-default\">........<\/h2>\t\t\t\t<\/div>\n\t\t\t\t<\/div>\n\t\t\t\t<div class=\"elementor-element elementor-element-a71f4f4 elementor-widget elementor-widget-heading\" data-id=\"a71f4f4\" data-element_type=\"widget\" data-widget_type=\"heading.default\">\n\t\t\t\t<div class=\"elementor-widget-container\">\n\t\t\t\t\t<h2 class=\"elementor-heading-title elementor-size-default\">........<\/h2>\t\t\t\t<\/div>\n\t\t\t\t<\/div>\n\t\t\t\t<div class=\"elementor-element elementor-element-ae95c7f elementor-widget elementor-widget-heading\" data-id=\"ae95c7f\" data-element_type=\"widget\" data-widget_type=\"heading.default\">\n\t\t\t\t<div class=\"elementor-widget-container\">\n\t\t\t\t\t<h2 class=\"elementor-heading-title elementor-size-default\">........<\/h2>\t\t\t\t<\/div>\n\t\t\t\t<\/div>\n\t\t\t\t<div class=\"elementor-element elementor-element-8fe21c6 elementor-widget__width-initial elementor-widget elementor-widget-video\" data-id=\"8fe21c6\" data-element_type=\"widget\" data-settings=\"{&quot;youtube_url&quot;:&quot;https:\\\/\\\/www.youtube.com\\\/watch?v=YXrq0xHpCK0&amp;&quot;,&quot;video_type&quot;:&quot;youtube&quot;,&quot;controls&quot;:&quot;yes&quot;}\" data-widget_type=\"video.default\">\n\t\t\t\t<div class=\"elementor-widget-container\">\n\t\t\t\t\t\t\t<div class=\"elementor-wrapper elementor-open-inline\">\n\t\t\t<div class=\"elementor-video\"><\/div>\t\t<\/div>\n\t\t\t\t\t\t<\/div>\n\t\t\t\t<\/div>\n\t\t\t\t<\/div>\n\t\t\t\t\t<\/div>\n\t\t\t\t<\/div>\n\t\t<div class=\"elementor-element elementor-element-cf67373 e-flex e-con-boxed e-con e-parent\" data-id=\"cf67373\" data-element_type=\"container\">\n\t\t\t\t\t<div class=\"e-con-inner\">\n\t\t\t\t\t<\/div>\n\t\t\t\t<\/div>\n\t\t\t\t<\/div>\n\t\t","protected":false},"excerpt":{"rendered":"<p>D\u00e9couvrir la r\u00e9gion Situ\u00e9e \u00e0 5 km de Fr\u00e9jus, entre Cannes et Saint-Tropez, la station de Saint-Aygulf, quartier de Fr\u00e9jus, offre un cadre privil\u00e9gi\u00e9 au bord de la M\u00e9diterran\u00e9e, au coeur de la C\u00f4te d&rsquo;Azur. Dans un environnement exceptionnel, changeant d&rsquo;aspect \u00e0 chaque d\u00e9tour de chemin et toujours color\u00e9, parmi les pins, les mimosas, vous&hellip; <br \/> <a class=\"read-more\" href=\"https:\/\/europcamping.fr\/index.php\/region\/\">Lire la suite<\/a><\/p>\n","protected":false},"author":5,"featured_media":0,"parent":0,"menu_order":0,"comment_status":"closed","ping_status":"closed","template":"","meta":{"footnotes":""},"class_list":["post-1237","page","type-page","status-publish","hentry"],"_links":{"self":[{"href":"https:\/\/europcamping.fr\/index.php\/wp-json\/wp\/v2\/pages\/1237","targetHints":{"allow":["GET"]}}],"collection":[{"href":"https:\/\/europcamping.fr\/index.php\/wp-json\/wp\/v2\/pages"}],"about":[{"href":"https:\/\/europcamping.fr\/index.php\/wp-json\/wp\/v2\/types\/page"}],"author":[{"embeddable":true,"href":"https:\/\/europcamping.fr\/index.php\/wp-json\/wp\/v2\/users\/5"}],"replies":[{"embeddable":true,"href":"https:\/\/europcamping.fr\/index.php\/wp-json\/wp\/v2\/comments?post=1237"}],"version-history":[{"count":63,"href":"https:\/\/europcamping.fr\/index.php\/wp-json\/wp\/v2\/pages\/1237\/revisions"}],"predecessor-version":[{"id":1867,"href":"https:\/\/europcamping.fr\/index.php\/wp-json\/wp\/v2\/pages\/1237\/revisions\/1867"}],"wp:attachment":[{"href":"https:\/\/europcamping.fr\/index.php\/wp-json\/wp\/v2\/media?parent=1237"}],"curies":[{"name":"wp","href":"https:\/\/api.w.org\/{rel}","templated":true}]}}